{"id":19,"date":"2023-05-10T22:26:06","date_gmt":"2023-05-10T22:26:06","guid":{"rendered":"https:\/\/arbolesartificiales.net\/?page_id=19"},"modified":"2023-07-26T18:09:10","modified_gmt":"2023-07-26T18:09:10","slug":"locales-comerciales-tematicos","status":"publish","type":"page","link":"https:\/\/arbolesartificiales.net\/?page_id=19","title":{"rendered":"Locales Comerciales Tem\u00e1ticos"},"content":{"rendered":"<h1>LOCALES COMERCIALES TEM\u00c1TICOS<\/h1>\n<hr>\n<div>\n<p>Ofrecemos servicios de dise\u00f1o y construcci\u00f3n de locales comerciales tem\u00e1ticos para adaptar tu espacio de trabajo a un entorno adecuado y centrado en tus objetivos. Nuestro objetivo es ayudarte a planificar tu \u00e9xito de manera efectiva.\u00a0<\/p>\n<\/div>\n<ul>\n<li>\n<p>        <img decoding=\"async\" src=\"\/wp-content\/uploads\/2023\/05\/img-c-1.jpeg\" alt=\"Locales Comerciales Tem\u00e1ticos\"><\/p>\n<\/li>\n<li>\n<p>        <img decoding=\"async\" src=\"\/wp-content\/uploads\/2023\/05\/img-c-2.jpeg\" alt=\"Locales Comerciales Tem\u00e1ticos\"><\/p>\n<\/li>\n<\/ul>\n<h1>NUESTROS PRODUCTOS SE PUEDEN OBTENER EN VENTA O ALQUILER<\/h1>\n<ul>\n<li>\n        <a href=\"https:\/\/wa.me\/57573104309155\">Escribir Whatsapp<\/a>\n    <\/li>\n<li>\n        <a href=\"tel:+573104309155\">Llamar:  3104309155<\/a>\n    <\/li>\n<li>\n        <a href=\"\/contacto\/\">Cont\u00e1ctanos <\/a>\n    <\/li>\n<\/ul>\n<div>\n<p>Nos encargamos del dise\u00f1o, construcci\u00f3n y mantenimiento de tu espacio, ya sea una empresa, oficina, local comercial, restaurante, cafeter\u00eda o stand. Siempre nos aseguramos de adaptarlo a tus necesidades espec\u00edficas.<\/p>\n<\/div>\n<ul>\n<li>\n<p>        <img decoding=\"async\" src=\"\/wp-content\/uploads\/2023\/05\/img-c-6.jpg\" alt=\"Locales Comerciales Tem\u00e1ticos\"><\/p>\n<\/li>\n<li>\n<p>        <img decoding=\"async\" src=\"\/wp-content\/uploads\/2023\/05\/img-c-3.jpg\" alt=\"Locales Comerciales Tem\u00e1ticos\"><\/p>\n<\/li>\n<\/ul>\n<ul>\n<li>\n<p>        <img decoding=\"async\" src=\"\/wp-content\/uploads\/2023\/05\/img-c-5.jpg\" alt=\"Locales Comerciales Tem\u00e1ticos\"><\/p>\n<\/li>\n<li>\n<p>        <img decoding=\"async\" src=\"\/wp-content\/uploads\/2023\/05\/img-c-7.jpg\" alt=\"Locales Comerciales Tem\u00e1ticos\"><\/p>\n<\/li>\n<li>\n<p>        <img decoding=\"async\" src=\"\/wp-content\/uploads\/2023\/05\/img-c-8.jpg\" alt=\"Locales Comerciales Tem\u00e1ticos\"><\/p>\n<\/li>\n<li>\n<p>        <img decoding=\"async\" src=\"\/wp-content\/uploads\/2023\/05\/img-c-9.jpg\" alt=\"\"><\/p>\n<\/li>\n<li>\n<p>        <img decoding=\"async\" src=\"\/wp-content\/uploads\/2023\/05\/img-c-10.jpg\" alt=\"\"><\/p>\n<\/li>\n<li>\n<p>        <img decoding=\"async\" src=\"\/wp-content\/uploads\/2023\/05\/img-c-11.jpg\" alt=\"\"><\/p>\n<\/li>\n<li>\n<p>        <img decoding=\"async\" src=\"\/wp-content\/uploads\/2023\/05\/img-c-1.jpg\" alt=\"\"><\/p>\n<\/li>\n<li>\n<p>        <img decoding=\"async\" src=\"\/wp-content\/uploads\/2023\/05\/img-c-2.jpg\" alt=\"\"><\/p>\n<\/li>\n<\/ul>\n<p><!--more--><br \/>\n<!-- {\"type\":\"layout\",\"children\":[{\"type\":\"section\",\"props\":{\"image\":\"wp-content\\\/uploads\\\/2023\\\/05\\\/inicioa.jpg\",\"image_effect\":\"fixed\",\"image_position\":\"bottom-center\",\"image_size\":\"cover\",\"media_overlay\":\"rgba(0, 0, 0, 0.35)\",\"padding\":\"large\",\"style\":\"default\",\"title_breakpoint\":\"xl\",\"title_position\":\"top-left\",\"title_rotation\":\"left\",\"vertical_align\":\"middle\",\"width\":\"default\"},\"children\":[{\"type\":\"row\",\"children\":[{\"type\":\"column\",\"props\":{\"image_position\":\"center-center\",\"media_overlay_gradient\":\"\",\"position_sticky_breakpoint\":\"m\"},\"children\":[{\"type\":\"headline\",\"props\":{\"content\":\"LOCALES COMERCIALES TEM\\u00c1TICOS\",\"text_align\":\"center\",\"title_element\":\"h1\"}}]}]}]},{\"type\":\"section\",\"props\":{\"image_position\":\"center-center\",\"padding_remove_bottom\":false,\"style\":\"default\",\"title_breakpoint\":\"xl\",\"title_position\":\"top-left\",\"title_rotation\":\"left\",\"vertical_align\":\"middle\",\"width\":\"default\"},\"children\":[{\"type\":\"row\",\"children\":[{\"type\":\"column\",\"props\":{\"image_position\":\"center-center\",\"media_overlay_gradient\":\"\",\"position_sticky_breakpoint\":\"m\"},\"children\":[{\"type\":\"divider\",\"props\":{\"divider_align\":\"center\",\"divider_element\":\"hr\",\"divider_style\":\"small\"}},{\"type\":\"text\",\"props\":{\"column_breakpoint\":\"m\",\"content\":\"\n\n<p>Ofrecemos servicios de dise\\u00f1o y construcci\\u00f3n de locales comerciales tem\\u00e1ticos para adaptar tu espacio de trabajo a un entorno adecuado y centrado en tus objetivos. Nuestro objetivo es ayudarte a planificar tu \\u00e9xito de manera efectiva.\\u00a0<\\\/p>\",\"margin\":\"default\",\"text_align\":\"center\",\"text_style\":\"lead\"}}]}],\"props\":{\"margin\":\"default\",\"margin_remove_bottom\":true}},{\"type\":\"row\",\"props\":{\"margin\":\"default\",\"margin_remove_bottom\":false},\"children\":[{\"type\":\"column\",\"props\":{\"image_position\":\"center-center\",\"media_overlay_gradient\":\"\",\"position_sticky_breakpoint\":\"m\"},\"children\":[{\"type\":\"gallery\",\"props\":{\"content_display\":\"item\",\"filter_align\":\"left\",\"filter_all\":true,\"filter_grid_breakpoint\":\"m\",\"filter_grid_width\":\"auto\",\"filter_position\":\"top\",\"filter_style\":\"tab\",\"grid_default\":\"1\",\"grid_large\":\"2\",\"grid_medium\":\"3\",\"image_border\":\"rounded\",\"image_height\":\"400\",\"image_loading\":false,\"image_orientation\":false,\"image_transition\":\"scale-up\",\"image_transition_border\":false,\"image_width\":\"600\",\"item_animation\":true,\"lightbox\":true,\"lightbox_image_orientation\":true,\"link_style\":\"default\",\"link_text\":\"\",\"margin\":\"default\",\"meta_align\":\"below-title\",\"meta_element\":\"div\",\"meta_style\":\"text-meta\",\"overlay_hover\":true,\"overlay_link\":true,\"overlay_mode\":\"cover\",\"overlay_position\":\"center\",\"overlay_style\":\"overlay-primary\",\"overlay_transition\":\"fade\",\"show_content\":true,\"show_hover_image\":true,\"show_link\":true,\"show_meta\":true,\"show_title\":true,\"text_align\":\"center\",\"text_color\":\"light\",\"title_element\":\"h3\",\"title_hover_style\":\"reset\"},\"children\":[{\"type\":\"gallery_item\",\"props\":{\"image\":\"wp-content\\\/uploads\\\/2023\\\/05\\\/img-c-1.jpeg\",\"image_alt\":\"Locales Comerciales Tem\\u00e1ticos\"}},{\"type\":\"gallery_item\",\"props\":{\"image\":\"wp-content\\\/uploads\\\/2023\\\/05\\\/img-c-2.jpeg\",\"image_alt\":\"Locales Comerciales Tem\\u00e1ticos\"}}]}]}]}]},{\"type\":\"section\",\"props\":{\"image\":\"\",\"image_effect\":\"fixed\",\"image_loading\":false,\"image_position\":\"center-center\",\"image_size\":\"cover\",\"media_overlay\":\"rgba(0, 0, 0, 0.66)\",\"padding\":\"large\",\"sticky\":\"cover\",\"style\":\"default\",\"title_breakpoint\":\"xl\",\"title_position\":\"top-left\",\"title_rotation\":\"left\",\"vertical_align\":\"middle\",\"video\":\"wp-content\\\/uploads\\\/2023\\\/05\\\/f2.mp4\",\"width\":\"small\"},\"children\":[{\"type\":\"row\",\"props\":{\"column_gap\":\"large\",\"layout\":\"1-2,1-2\"},\"children\":[{\"type\":\"column\",\"props\":{\"image_position\":\"center-center\",\"media_overlay_gradient\":\"\",\"position_sticky_breakpoint\":\"m\",\"vertical_align\":\"middle\",\"width_medium\":\"1-2\"},\"children\":[{\"type\":\"headline\",\"props\":{\"content\":\"NUESTROS PRODUCTOS SE PUEDEN OBTENER EN VENTA O ALQUILER\",\"margin\":\"large\",\"title_element\":\"h1\",\"title_style\":\"h2\"}}]},{\"type\":\"column\",\"props\":{\"image_position\":\"center-center\",\"media_overlay_gradient\":\"\",\"position_sticky_breakpoint\":\"m\",\"width_medium\":\"1-2\"},\"children\":[{\"type\":\"button\",\"props\":{\"fullwidth\":true,\"grid_column_gap\":\"small\",\"grid_row_gap\":\"small\",\"margin\":\"default\"},\"children\":[{\"type\":\"button_item\",\"props\":{\"button_style\":\"default\",\"content\":\"Escribir Whatsapp\",\"icon\":\"whatsapp\",\"icon_align\":\"left\",\"link\":\"https:\\\/\\\/wa.me\\\/57573104309155\"}},{\"type\":\"button_item\",\"props\":{\"button_style\":\"primary\",\"content\":\"Llamar:  3104309155\",\"icon\":\"receiver\",\"icon_align\":\"left\",\"link\":\"tel:+573104309155\"}},{\"type\":\"button_item\",\"props\":{\"button_style\":\"primary\",\"content\":\"Cont\\u00e1ctanos \",\"icon\":\"commenting\",\"icon_align\":\"left\",\"link\":\"contacto\\\/\"}}]}]}]}],\"name\":\".descansador \"},{\"type\":\"section\",\"props\":{\"image_position\":\"center-center\",\"style\":\"default\",\"title_breakpoint\":\"xl\",\"title_position\":\"top-left\",\"title_rotation\":\"left\",\"vertical_align\":\"middle\",\"width\":\"default\"},\"children\":[{\"type\":\"row\",\"props\":{\"layout\":\"2-5,3-5\",\"margin_remove_bottom\":true},\"children\":[{\"type\":\"column\",\"props\":{\"image_position\":\"center-center\",\"media_overlay_gradient\":\"\",\"position_sticky_breakpoint\":\"m\",\"vertical_align\":\"middle\",\"width_medium\":\"2-5\"},\"children\":[{\"type\":\"text\",\"props\":{\"column_breakpoint\":\"m\",\"content\":\"\n\n<p>Nos encargamos del dise\\u00f1o, construcci\\u00f3n y mantenimiento de tu espacio, ya sea una empresa, oficina, local comercial, restaurante, cafeter\\u00eda o stand. Siempre nos aseguramos de adaptarlo a tus necesidades espec\\u00edficas.<\\\/p>\",\"margin\":\"default\",\"text_align\":\"justify\"}}]},{\"type\":\"column\",\"props\":{\"image_position\":\"center-center\",\"media_overlay_gradient\":\"\",\"position_sticky_breakpoint\":\"m\",\"vertical_align\":\"middle\",\"width_medium\":\"3-5\"},\"children\":[{\"type\":\"gallery\",\"props\":{\"filter\":false,\"filter_align\":\"left\",\"filter_all\":true,\"filter_grid_breakpoint\":\"m\",\"filter_grid_width\":\"auto\",\"filter_position\":\"top\",\"filter_style\":\"tab\",\"grid_column_gap\":\"medium\",\"grid_default\":\"1\",\"grid_large\":\"2\",\"grid_medium\":\"3\",\"grid_row_gap\":\"medium\",\"image_border\":\"rounded\",\"image_height\":\"800\",\"image_orientation\":false,\"image_transition\":\"scale-up\",\"image_transition_border\":false,\"image_width\":\"600\",\"item_animation\":true,\"lightbox\":true,\"link_style\":\"default\",\"link_text\":\"\",\"margin\":\"default\",\"meta_align\":\"below-title\",\"meta_element\":\"div\",\"meta_style\":\"text-meta\",\"overlay_hover\":true,\"overlay_link\":true,\"overlay_mode\":\"cover\",\"overlay_position\":\"center\",\"overlay_style\":\"overlay-primary\",\"overlay_transition\":\"fade\",\"show_content\":true,\"show_hover_image\":true,\"show_link\":true,\"show_meta\":true,\"show_title\":true,\"text_align\":\"center\",\"text_color\":\"light\",\"title_element\":\"h3\",\"title_hover_style\":\"reset\"},\"children\":[{\"type\":\"gallery_item\",\"props\":{\"image\":\"wp-content\\\/uploads\\\/2023\\\/05\\\/img-c-6.jpg\",\"image_alt\":\"Locales Comerciales Tem\\u00e1ticos\"}},{\"type\":\"gallery_item\",\"props\":{\"image\":\"wp-content\\\/uploads\\\/2023\\\/05\\\/img-c-3.jpg\",\"image_alt\":\"Locales Comerciales Tem\\u00e1ticos\"}}]}]}]},{\"type\":\"row\",\"children\":[{\"type\":\"column\",\"props\":{\"image_position\":\"center-center\",\"media_overlay_gradient\":\"\",\"position_sticky_breakpoint\":\"m\"},\"children\":[{\"type\":\"gallery\",\"props\":{\"filter\":false,\"filter_align\":\"left\",\"filter_all\":true,\"filter_grid_breakpoint\":\"m\",\"filter_grid_width\":\"auto\",\"filter_position\":\"top\",\"filter_style\":\"tab\",\"grid_column_gap\":\"medium\",\"grid_default\":\"1\",\"grid_large\":\"4\",\"grid_medium\":\"3\",\"grid_row_gap\":\"medium\",\"image_border\":\"rounded\",\"image_height\":\"800\",\"image_orientation\":false,\"image_transition\":\"scale-up\",\"image_transition_border\":false,\"image_width\":\"600\",\"item_animation\":true,\"lightbox\":true,\"link_style\":\"default\",\"link_text\":\"\",\"margin\":\"default\",\"meta_align\":\"below-title\",\"meta_element\":\"div\",\"meta_style\":\"text-meta\",\"overlay_hover\":true,\"overlay_link\":true,\"overlay_mode\":\"cover\",\"overlay_position\":\"center\",\"overlay_style\":\"overlay-primary\",\"overlay_transition\":\"fade\",\"show_content\":true,\"show_hover_image\":true,\"show_link\":true,\"show_meta\":true,\"show_title\":true,\"text_align\":\"center\",\"text_color\":\"light\",\"title_element\":\"h3\",\"title_hover_style\":\"reset\"},\"children\":[{\"type\":\"gallery_item\",\"props\":{\"image\":\"wp-content\\\/uploads\\\/2023\\\/05\\\/img-c-5.jpg\",\"image_alt\":\"Locales Comerciales Tem\\u00e1ticos\"}},{\"type\":\"gallery_item\",\"props\":{\"image\":\"wp-content\\\/uploads\\\/2023\\\/05\\\/img-c-7.jpg\",\"image_alt\":\"Locales Comerciales Tem\\u00e1ticos\"}},{\"type\":\"gallery_item\",\"props\":{\"image\":\"wp-content\\\/uploads\\\/2023\\\/05\\\/img-c-8.jpg\",\"image_alt\":\"Locales Comerciales Tem\\u00e1ticos\"}},{\"type\":\"gallery_item\",\"props\":{\"image\":\"wp-content\\\/uploads\\\/2023\\\/05\\\/img-c-9.jpg\",\"image_alt\":\"\"}},{\"type\":\"gallery_item\",\"props\":{\"image\":\"wp-content\\\/uploads\\\/2023\\\/05\\\/img-c-10.jpg\",\"image_alt\":\"\"}},{\"type\":\"gallery_item\",\"props\":{\"image\":\"wp-content\\\/uploads\\\/2023\\\/05\\\/img-c-11.jpg\",\"image_alt\":\"\"}},{\"type\":\"gallery_item\",\"props\":{\"image\":\"wp-content\\\/uploads\\\/2023\\\/05\\\/img-c-1.jpg\"}},{\"type\":\"gallery_item\",\"props\":{\"image\":\"wp-content\\\/uploads\\\/2023\\\/05\\\/img-c-2.jpg\"}}]}]}]}]}],\"version\":\"3.0.31\"} --><\/p>\n","protected":false},"excerpt":{"rendered":"<p>LOCALES COMERCIALES TEM\u00c1TICOS Ofrecemos servicios de dise\u00f1o y construcci\u00f3n de locales comerciales tem\u00e1ticos para adaptar tu espacio de trabajo a un entorno adecuado y centrado en tus objetivos. Nuestro objetivo es ayudarte a planificar tu \u00e9xito de manera efectiva.\u00a0 NUESTROS PRODUCTOS SE PUEDEN OBTENER EN VENTA O ALQUILER Escribir Whatsapp Llamar: 3104309155 Cont\u00e1ctanos Nos encargamos [&hellip;]<\/p>\n","protected":false},"author":1,"featured_media":0,"parent":0,"menu_order":0,"comment_status":"closed","ping_status":"closed","template":"","meta":{"footnotes":""},"class_list":["post-19","page","type-page","status-publish","hentry"],"yoast_head":"<!-- This site is optimized with the Yoast SEO plugin v25.1 - https:\/\/yoast.com\/wordpress\/plugins\/seo\/ -->\n<title>Locales Comerciales Tem\u00e1ticos - FABRICA<\/title>\n<meta name=\"description\" content=\"Descubre nuestra oferta de Locales Comerciales Tem\u00e1ticos y brinda a tus clientes experiencias \u00fanicas. Para llevar la magia a tu negocio.\" \/>\n<meta name=\"robots\" content=\"index, follow, max-snippet:-1, max-image-preview:large, max-video-preview:-1\" \/>\n<link rel=\"canonical\" href=\"https:\/\/arbolesartificiales.net\/?page_id=19\" \/>\n<meta property=\"og:locale\" content=\"es_ES\" \/>\n<meta property=\"og:type\" content=\"article\" \/>\n<meta property=\"og:title\" content=\"Locales Comerciales Tem\u00e1ticos - FABRICA\" \/>\n<meta property=\"og:description\" content=\"Descubre nuestra oferta de Locales Comerciales Tem\u00e1ticos y brinda a tus clientes experiencias \u00fanicas. Para llevar la magia a tu negocio.\" \/>\n<meta property=\"og:url\" content=\"https:\/\/arbolesartificiales.net\/?page_id=19\" \/>\n<meta property=\"og:site_name\" content=\"FABRICA\" \/>\n<meta property=\"article:modified_time\" content=\"2023-07-26T18:09:10+00:00\" \/>\n<meta name=\"twitter:card\" content=\"summary_large_image\" \/>\n<meta name=\"twitter:label1\" content=\"Tiempo de lectura\" \/>\n\t<meta name=\"twitter:data1\" content=\"3 minutos\" \/>\n<script type=\"application\/ld+json\" class=\"yoast-schema-graph\">{\"@context\":\"https:\/\/schema.org\",\"@graph\":[{\"@type\":\"WebPage\",\"@id\":\"https:\/\/arbolesartificiales.net\/?page_id=19\",\"url\":\"https:\/\/arbolesartificiales.net\/?page_id=19\",\"name\":\"Locales Comerciales Tem\u00e1ticos - FABRICA\",\"isPartOf\":{\"@id\":\"https:\/\/arbolesartificiales.net\/#website\"},\"datePublished\":\"2023-05-10T22:26:06+00:00\",\"dateModified\":\"2023-07-26T18:09:10+00:00\",\"description\":\"Descubre nuestra oferta de Locales Comerciales Tem\u00e1ticos y brinda a tus clientes experiencias \u00fanicas. Para llevar la magia a tu negocio.\",\"breadcrumb\":{\"@id\":\"https:\/\/arbolesartificiales.net\/?page_id=19#breadcrumb\"},\"inLanguage\":\"es-CO\",\"potentialAction\":[{\"@type\":\"ReadAction\",\"target\":[\"https:\/\/arbolesartificiales.net\/?page_id=19\"]}]},{\"@type\":\"BreadcrumbList\",\"@id\":\"https:\/\/arbolesartificiales.net\/?page_id=19#breadcrumb\",\"itemListElement\":[{\"@type\":\"ListItem\",\"position\":1,\"name\":\"Home\",\"item\":\"https:\/\/arbolesartificiales.net\/\"},{\"@type\":\"ListItem\",\"position\":2,\"name\":\"Locales Comerciales Tem\u00e1ticos\"}]},{\"@type\":\"WebSite\",\"@id\":\"https:\/\/arbolesartificiales.net\/#website\",\"url\":\"https:\/\/arbolesartificiales.net\/\",\"name\":\"FABRICA\",\"description\":\"ARTIFICIALES BOGOTA\",\"publisher\":{\"@id\":\"https:\/\/arbolesartificiales.net\/#organization\"},\"potentialAction\":[{\"@type\":\"SearchAction\",\"target\":{\"@type\":\"EntryPoint\",\"urlTemplate\":\"https:\/\/arbolesartificiales.net\/?s={search_term_string}\"},\"query-input\":{\"@type\":\"PropertyValueSpecification\",\"valueRequired\":true,\"valueName\":\"search_term_string\"}}],\"inLanguage\":\"es-CO\"},{\"@type\":\"Organization\",\"@id\":\"https:\/\/arbolesartificiales.net\/#organization\",\"name\":\"Plastic Trees\",\"url\":\"https:\/\/arbolesartificiales.net\/\",\"logo\":{\"@type\":\"ImageObject\",\"inLanguage\":\"es-CO\",\"@id\":\"https:\/\/arbolesartificiales.net\/#\/schema\/logo\/image\/\",\"url\":\"https:\/\/arbolesartificiales.net\/wp-content\/uploads\/2023\/06\/i2a.png\",\"contentUrl\":\"https:\/\/arbolesartificiales.net\/wp-content\/uploads\/2023\/06\/i2a.png\",\"width\":201,\"height\":201,\"caption\":\"Plastic Trees\"},\"image\":{\"@id\":\"https:\/\/arbolesartificiales.net\/#\/schema\/logo\/image\/\"}}]}<\/script>\n<!-- \/ Yoast SEO plugin. -->","yoast_head_json":{"title":"Locales Comerciales Tem\u00e1ticos - FABRICA","description":"Descubre nuestra oferta de Locales Comerciales Tem\u00e1ticos y brinda a tus clientes experiencias \u00fanicas. Para llevar la magia a tu negocio.","robots":{"index":"index","follow":"follow","max-snippet":"max-snippet:-1","max-image-preview":"max-image-preview:large","max-video-preview":"max-video-preview:-1"},"canonical":"https:\/\/arbolesartificiales.net\/?page_id=19","og_locale":"es_ES","og_type":"article","og_title":"Locales Comerciales Tem\u00e1ticos - FABRICA","og_description":"Descubre nuestra oferta de Locales Comerciales Tem\u00e1ticos y brinda a tus clientes experiencias \u00fanicas. Para llevar la magia a tu negocio.","og_url":"https:\/\/arbolesartificiales.net\/?page_id=19","og_site_name":"FABRICA","article_modified_time":"2023-07-26T18:09:10+00:00","twitter_card":"summary_large_image","twitter_misc":{"Tiempo de lectura":"3 minutos"},"schema":{"@context":"https:\/\/schema.org","@graph":[{"@type":"WebPage","@id":"https:\/\/arbolesartificiales.net\/?page_id=19","url":"https:\/\/arbolesartificiales.net\/?page_id=19","name":"Locales Comerciales Tem\u00e1ticos - FABRICA","isPartOf":{"@id":"https:\/\/arbolesartificiales.net\/#website"},"datePublished":"2023-05-10T22:26:06+00:00","dateModified":"2023-07-26T18:09:10+00:00","description":"Descubre nuestra oferta de Locales Comerciales Tem\u00e1ticos y brinda a tus clientes experiencias \u00fanicas. Para llevar la magia a tu negocio.","breadcrumb":{"@id":"https:\/\/arbolesartificiales.net\/?page_id=19#breadcrumb"},"inLanguage":"es-CO","potentialAction":[{"@type":"ReadAction","target":["https:\/\/arbolesartificiales.net\/?page_id=19"]}]},{"@type":"BreadcrumbList","@id":"https:\/\/arbolesartificiales.net\/?page_id=19#breadcrumb","itemListElement":[{"@type":"ListItem","position":1,"name":"Home","item":"https:\/\/arbolesartificiales.net\/"},{"@type":"ListItem","position":2,"name":"Locales Comerciales Tem\u00e1ticos"}]},{"@type":"WebSite","@id":"https:\/\/arbolesartificiales.net\/#website","url":"https:\/\/arbolesartificiales.net\/","name":"FABRICA","description":"ARTIFICIALES BOGOTA","publisher":{"@id":"https:\/\/arbolesartificiales.net\/#organization"},"potentialAction":[{"@type":"SearchAction","target":{"@type":"EntryPoint","urlTemplate":"https:\/\/arbolesartificiales.net\/?s={search_term_string}"},"query-input":{"@type":"PropertyValueSpecification","valueRequired":true,"valueName":"search_term_string"}}],"inLanguage":"es-CO"},{"@type":"Organization","@id":"https:\/\/arbolesartificiales.net\/#organization","name":"Plastic Trees","url":"https:\/\/arbolesartificiales.net\/","logo":{"@type":"ImageObject","inLanguage":"es-CO","@id":"https:\/\/arbolesartificiales.net\/#\/schema\/logo\/image\/","url":"https:\/\/arbolesartificiales.net\/wp-content\/uploads\/2023\/06\/i2a.png","contentUrl":"https:\/\/arbolesartificiales.net\/wp-content\/uploads\/2023\/06\/i2a.png","width":201,"height":201,"caption":"Plastic Trees"},"image":{"@id":"https:\/\/arbolesartificiales.net\/#\/schema\/logo\/image\/"}}]}},"_links":{"self":[{"href":"https:\/\/arbolesartificiales.net\/index.php?rest_route=\/wp\/v2\/pages\/19","targetHints":{"allow":["GET"]}}],"collection":[{"href":"https:\/\/arbolesartificiales.net\/index.php?rest_route=\/wp\/v2\/pages"}],"about":[{"href":"https:\/\/arbolesartificiales.net\/index.php?rest_route=\/wp\/v2\/types\/page"}],"author":[{"embeddable":true,"href":"https:\/\/arbolesartificiales.net\/index.php?rest_route=\/wp\/v2\/users\/1"}],"replies":[{"embeddable":true,"href":"https:\/\/arbolesartificiales.net\/index.php?rest_route=%2Fwp%2Fv2%2Fcomments&post=19"}],"version-history":[{"count":47,"href":"https:\/\/arbolesartificiales.net\/index.php?rest_route=\/wp\/v2\/pages\/19\/revisions"}],"predecessor-version":[{"id":1327,"href":"https:\/\/arbolesartificiales.net\/index.php?rest_route=\/wp\/v2\/pages\/19\/revisions\/1327"}],"wp:attachment":[{"href":"https:\/\/arbolesartificiales.net\/index.php?rest_route=%2Fwp%2Fv2%2Fmedia&parent=19"}],"curies":[{"name":"wp","href":"https:\/\/api.w.org\/{rel}","templated":true}]}}